{"id":67545,"date":"2018-07-13T16:41:44","date_gmt":"2018-07-13T15:41:44","guid":{"rendered":"http:\/\/pelletterieded.com\/arzttasche-mit-instrumentenfach\/"},"modified":"2025-07-27T15:44:01","modified_gmt":"2025-07-27T13:44:01","slug":"borsa-medico-vano-portastrumenti","status":"publish","type":"product","link":"https:\/\/pelletterieded.com\/de\/shop\/arzttaschen\/borsa-medico-vano-portastrumenti\/","title":{"rendered":"Arzttasche mit Instrumentenfach"},"content":{"rendered":"<p>Vollst\u00e4ndig in Italien von Lederfacharbeitern hergestellt, unter Verwendung eines mit pflanzlichen Gerbstoffen gegerbten und anschlie\u00dfend von Hand gepufferten Rindsleders.<\/p>\n<p>Die Charakteristik dieses Naturleders bietet einen angenehmen Griff und einen unverwechselbaren Stil italienischer Lederwaren.<\/p>\n<p>Der Verkauf des Objekts wird von uns direkt von der Firma abgewickelt, die es herstellt<\/p>\n<p><strong>\u00c4u\u00dferes :<\/strong><\/p>\n<p>\u2013 pflanzlich gegerbtes vollnarbiges und von Hand gepuffertes Leder<\/p>\n<p>\u2013 halbstarre Konstruktion<\/p>\n<p>\u2013 schnappschnallen-Verschluss (Schl\u00fcssel inbegriffen)<\/p>\n<p>\u2013 handgriff aus Leder<\/p>\n<p>\u2013 vordertasche mit Tuc-Schloss (Drucktastenverschluss) (Schl\u00fcssel inbegriffen)<\/p>\n<p>\u2013 instrumentenfach mit Reissverschluss und doppeltem Rei\u00dfverschlusszug<\/p>\n<p>\u2013 metallzubeh\u00f6r<\/p>\n<p>\u2013 metallf\u00fc\u00dfe<\/p>\n<p><strong>Inneres:<\/strong><\/p>\n<p style=\"background: white;margin: 0cm 0cm 15.6pt 0cm\"><span style=\"font-family: 'Open Sans',sans-serif;color: #4f4f4f\">\u2013 stofffutter<\/span><\/p>\n<p style=\"background: white;margin: 0cm 0cm 15.6pt 0cm\"><span style=\"font-family: 'Open Sans',sans-serif;color: #4f4f4f\">\u2013 einzelnes Fach<\/span><\/p>\n<p style=\"background: white;margin: 0cm 0cm 15.6pt 0cm\"><span style=\"font-family: 'Open Sans',sans-serif;color: #4f4f4f\">\u2013 eine Tasche f\u00fcr Gegenst\u00e4nde<\/span><\/p>\n<p style=\"background: white;margin: 0cm 0cm 15.6pt 0cm\"><span style=\"font-family: 'Open Sans',sans-serif;color: #4f4f4f\">\u2013 eine Rei\u00dfverschlusstasche mit Revers aus Leder<\/span><\/p>\n<p style=\"background: white;margin: 0cm 0cm 15.6pt 0cm\"><span style=\"font-family: 'Open Sans',sans-serif;color: #4f4f4f\">\u2013 taschen f\u00fcr Stifte und Karten aus Leder<\/span><\/p>\n<p>\u2013 zubeh\u00f6r aus Metall<\/p>\n<p><strong>Zubeh\u00f6r:<\/strong><\/p>\n<p>\u2013 Zubeh\u00f6r aus geschliffenem Messing (bei den braunen Farbvarianten)<\/p>\n<p>\u2013 Zubeh\u00f6r aus Palladium (bei roten und schwarzen Farbvarianten)<\/p>\n<p><strong>Abmessungen:<\/strong><\/p>\n<p style=\"background: white;margin: 0cm 0cm 15.6pt 0cm\"><span style=\"font-family: 'Open Sans',sans-serif;color: #4f4f4f\">Breite: 41cm | H\u00f6he: 29cm | Tiefe: 16cm | Gewicht: 1,8 kg<\/span><b><\/b><\/p>\n<p><strong>Schutzh\u00fclle<\/strong>: einschlie\u00dflich Staubschutzbeutel.<\/p>\n<p><strong>Garantie<\/strong>: 24 Monate<\/p>\n<p><strong>Interner kodex: <\/strong>0201.<\/p>\n","protected":false},"excerpt":{"rendered":"<p style=\"background: white;margin: 0cm 0cm 15.6pt 0cm\"><span style=\"font-family: 'Open Sans',sans-serif;color: #4f4f4f\"><strong>Breite<\/strong>: 41cm | <strong>H\u00f6he<\/strong>: 29cm | <strong>Tiefe<\/strong>: 16cm | <strong>Gewicht<\/strong>: 1,8 kg<\/span><b><\/b><\/p>\n","protected":false},"featured_media":118976,"comment_status":"closed","ping_status":"closed","template":"","meta":[],"product_brand":[],"product_cat":[524],"product_tag":[],"class_list":{"0":"post-67545","1":"product","2":"type-product","3":"status-publish","4":"has-post-thumbnail","6":"product_cat-arzttaschen","8":"first","9":"instock","10":"shipping-taxable","11":"purchasable","12":"product-type-variable","13":"has-default-attributes","14":"wvs-archive-product-wrapper"},"yoast_head":"<!-- This site is optimized with the Yoast SEO plugin v27.4 - https:\/\/yoast.com\/product\/yoast-seo-wordpress\/ -->\n<title>Arzttasche mit Instrumentenfach<\/title>\n<meta name=\"description\" content=\"Die Arzttasche mit Rei\u00dfverschluss und Instrumentenfach am Boden wird vollst\u00e4ndig in Italien von erfahrenen Lederhandwerkern unter Verwendung von mit pflanzlichem Tannin gegerbtem und anschlie\u00dfend von Hand gepuffertem Rinderleder hergestellt\" \/>\n<meta name=\"robots\" content=\"index, follow, max-snippet:-1, max-image-preview:large, max-video-preview:-1\" \/>\n<link rel=\"canonical\" href=\"https:\/\/pelletterieded.com\/de\/shop\/arzttaschen\/borsa-medico-vano-portastrumenti\/\" \/>\n<meta property=\"og:locale\" content=\"de_DE\" \/>\n<meta property=\"og:type\" content=\"article\" \/>\n<meta property=\"og:title\" content=\"Arzttasche mit Instrumentenfach\" \/>\n<meta property=\"og:description\" content=\"Die Arzttasche mit Rei\u00dfverschluss und Instrumentenfach am Boden wird vollst\u00e4ndig in Italien von erfahrenen Lederhandwerkern unter Verwendung von mit pflanzlichem Tannin gegerbtem und anschlie\u00dfend von Hand gepuffertem Rinderleder hergestellt\" \/>\n<meta property=\"og:url\" content=\"https:\/\/pelletterieded.com\/de\/shop\/arzttaschen\/borsa-medico-vano-portastrumenti\/\" \/>\n<meta property=\"og:site_name\" content=\"Pelletterie D&amp;D\" \/>\n<meta property=\"article:publisher\" content=\"https:\/\/www.facebook.com\/dedpelletterie\" \/>\n<meta property=\"article:modified_time\" content=\"2025-07-27T13:44:01+00:00\" \/>\n<meta property=\"og:image\" content=\"https:\/\/pelletterieded.com\/wp-content\/uploads\/2018\/07\/MG_0219-scaled-jpg.avif\" \/>\n\t<meta property=\"og:image:width\" content=\"2560\" \/>\n\t<meta property=\"og:image:height\" content=\"2120\" \/>\n\t<meta property=\"og:image:type\" content=\"image\/jpeg\" \/>\n<meta name=\"twitter:card\" content=\"summary_large_image\" \/>\n<meta name=\"twitter:label1\" content=\"Gesch\u00e4tzte Lesezeit\" \/>\n\t<meta name=\"twitter:data1\" content=\"1\u00a0Minute\" \/>\n<script type=\"application\/ld+json\" class=\"yoast-schema-graph\">{\"@context\":\"https:\\\/\\\/schema.org\",\"@graph\":[{\"@type\":\"WebPage\",\"@id\":\"https:\\\/\\\/pelletterieded.com\\\/de\\\/shop\\\/arzttaschen\\\/borsa-medico-vano-portastrumenti\\\/\",\"url\":\"https:\\\/\\\/pelletterieded.com\\\/de\\\/shop\\\/arzttaschen\\\/borsa-medico-vano-portastrumenti\\\/\",\"name\":\"Arzttasche mit Instrumentenfach\",\"isPartOf\":{\"@id\":\"https:\\\/\\\/pelletterieded.com\\\/de\\\/#website\"},\"primaryImageOfPage\":{\"@id\":\"https:\\\/\\\/pelletterieded.com\\\/de\\\/shop\\\/arzttaschen\\\/borsa-medico-vano-portastrumenti\\\/#primaryimage\"},\"image\":{\"@id\":\"https:\\\/\\\/pelletterieded.com\\\/de\\\/shop\\\/arzttaschen\\\/borsa-medico-vano-portastrumenti\\\/#primaryimage\"},\"thumbnailUrl\":\"https:\\\/\\\/pelletterieded.com\\\/wp-content\\\/uploads\\\/2018\\\/07\\\/MG_0219-scaled-jpg.avif\",\"datePublished\":\"2018-07-13T15:41:44+00:00\",\"dateModified\":\"2025-07-27T13:44:01+00:00\",\"description\":\"Die Arzttasche mit Rei\u00dfverschluss und Instrumentenfach am Boden wird vollst\u00e4ndig in Italien von erfahrenen Lederhandwerkern unter Verwendung von mit pflanzlichem Tannin gegerbtem und anschlie\u00dfend von Hand gepuffertem Rinderleder hergestellt\",\"breadcrumb\":{\"@id\":\"https:\\\/\\\/pelletterieded.com\\\/de\\\/shop\\\/arzttaschen\\\/borsa-medico-vano-portastrumenti\\\/#breadcrumb\"},\"inLanguage\":\"de\",\"potentialAction\":[{\"@type\":\"ReadAction\",\"target\":[\"https:\\\/\\\/pelletterieded.com\\\/de\\\/shop\\\/arzttaschen\\\/borsa-medico-vano-portastrumenti\\\/\"]}]},{\"@type\":\"ImageObject\",\"inLanguage\":\"de\",\"@id\":\"https:\\\/\\\/pelletterieded.com\\\/de\\\/shop\\\/arzttaschen\\\/borsa-medico-vano-portastrumenti\\\/#primaryimage\",\"url\":\"https:\\\/\\\/pelletterieded.com\\\/wp-content\\\/uploads\\\/2018\\\/07\\\/MG_0219-scaled-jpg.avif\",\"contentUrl\":\"https:\\\/\\\/pelletterieded.com\\\/wp-content\\\/uploads\\\/2018\\\/07\\\/MG_0219-scaled-jpg.avif\",\"width\":2560,\"height\":2120},{\"@type\":\"BreadcrumbList\",\"@id\":\"https:\\\/\\\/pelletterieded.com\\\/de\\\/shop\\\/arzttaschen\\\/borsa-medico-vano-portastrumenti\\\/#breadcrumb\",\"itemListElement\":[{\"@type\":\"ListItem\",\"position\":1,\"name\":\"Pelletterie D&amp;D\",\"item\":\"https:\\\/\\\/pelletterieded.com\\\/de\\\/\"},{\"@type\":\"ListItem\",\"position\":2,\"name\":\"Einkaufen\",\"item\":\"https:\\\/\\\/pelletterieded.com\\\/de\\\/shop\\\/\"},{\"@type\":\"ListItem\",\"position\":3,\"name\":\"Arzttaschen\",\"item\":\"https:\\\/\\\/pelletterieded.com\\\/de\\\/categoria-prodotto\\\/arzttaschen\\\/\"},{\"@type\":\"ListItem\",\"position\":4,\"name\":\"Arzttasche mit Instrumentenfach\"}]},{\"@type\":\"WebSite\",\"@id\":\"https:\\\/\\\/pelletterieded.com\\\/de\\\/#website\",\"url\":\"https:\\\/\\\/pelletterieded.com\\\/de\\\/\",\"name\":\"Pelletterie D&D\",\"description\":\"Outlet online di moda N\u00ba1 in Italia\",\"publisher\":{\"@id\":\"https:\\\/\\\/pelletterieded.com\\\/de\\\/#organization\"},\"potentialAction\":[{\"@type\":\"SearchAction\",\"target\":{\"@type\":\"EntryPoint\",\"urlTemplate\":\"https:\\\/\\\/pelletterieded.com\\\/de\\\/?s={search_term_string}\"},\"query-input\":{\"@type\":\"PropertyValueSpecification\",\"valueRequired\":true,\"valueName\":\"search_term_string\"}}],\"inLanguage\":\"de\"},{\"@type\":\"Organization\",\"@id\":\"https:\\\/\\\/pelletterieded.com\\\/de\\\/#organization\",\"name\":\"Pelletterie D&D\",\"url\":\"https:\\\/\\\/pelletterieded.com\\\/de\\\/\",\"logo\":{\"@type\":\"ImageObject\",\"inLanguage\":\"de\",\"@id\":\"https:\\\/\\\/pelletterieded.com\\\/de\\\/#\\\/schema\\\/logo\\\/image\\\/\",\"url\":\"https:\\\/\\\/pelletterieded.com\\\/wp-content\\\/uploads\\\/2019\\\/07\\\/logo-pelletterie-ded-mail.webp\",\"contentUrl\":\"https:\\\/\\\/pelletterieded.com\\\/wp-content\\\/uploads\\\/2019\\\/07\\\/logo-pelletterie-ded-mail.webp\",\"width\":185,\"height\":200,\"caption\":\"Pelletterie D&D\"},\"image\":{\"@id\":\"https:\\\/\\\/pelletterieded.com\\\/de\\\/#\\\/schema\\\/logo\\\/image\\\/\"},\"sameAs\":[\"https:\\\/\\\/www.facebook.com\\\/dedpelletterie\",\"https:\\\/\\\/www.instagram.com\\\/pelletterieded\\\/\"]}]}<\/script>\n<!-- \/ Yoast SEO plugin. -->","yoast_head_json":{"title":"Arzttasche mit Instrumentenfach","description":"Die Arzttasche mit Rei\u00dfverschluss und Instrumentenfach am Boden wird vollst\u00e4ndig in Italien von erfahrenen Lederhandwerkern unter Verwendung von mit pflanzlichem Tannin gegerbtem und anschlie\u00dfend von Hand gepuffertem Rinderleder hergestellt","robots":{"index":"index","follow":"follow","max-snippet":"max-snippet:-1","max-image-preview":"max-image-preview:large","max-video-preview":"max-video-preview:-1"},"canonical":"https:\/\/pelletterieded.com\/de\/shop\/arzttaschen\/borsa-medico-vano-portastrumenti\/","og_locale":"de_DE","og_type":"article","og_title":"Arzttasche mit Instrumentenfach","og_description":"Die Arzttasche mit Rei\u00dfverschluss und Instrumentenfach am Boden wird vollst\u00e4ndig in Italien von erfahrenen Lederhandwerkern unter Verwendung von mit pflanzlichem Tannin gegerbtem und anschlie\u00dfend von Hand gepuffertem Rinderleder hergestellt","og_url":"https:\/\/pelletterieded.com\/de\/shop\/arzttaschen\/borsa-medico-vano-portastrumenti\/","og_site_name":"Pelletterie D&amp;D","article_publisher":"https:\/\/www.facebook.com\/dedpelletterie","article_modified_time":"2025-07-27T13:44:01+00:00","og_image":[{"width":2560,"height":2120,"url":"https:\/\/pelletterieded.com\/wp-content\/uploads\/2018\/07\/MG_0219-scaled-jpg.avif","type":"image\/jpeg"}],"twitter_card":"summary_large_image","twitter_misc":{"Gesch\u00e4tzte Lesezeit":"1\u00a0Minute"},"schema":{"@context":"https:\/\/schema.org","@graph":[{"@type":"WebPage","@id":"https:\/\/pelletterieded.com\/de\/shop\/arzttaschen\/borsa-medico-vano-portastrumenti\/","url":"https:\/\/pelletterieded.com\/de\/shop\/arzttaschen\/borsa-medico-vano-portastrumenti\/","name":"Arzttasche mit Instrumentenfach","isPartOf":{"@id":"https:\/\/pelletterieded.com\/de\/#website"},"primaryImageOfPage":{"@id":"https:\/\/pelletterieded.com\/de\/shop\/arzttaschen\/borsa-medico-vano-portastrumenti\/#primaryimage"},"image":{"@id":"https:\/\/pelletterieded.com\/de\/shop\/arzttaschen\/borsa-medico-vano-portastrumenti\/#primaryimage"},"thumbnailUrl":"https:\/\/pelletterieded.com\/wp-content\/uploads\/2018\/07\/MG_0219-scaled-jpg.avif","datePublished":"2018-07-13T15:41:44+00:00","dateModified":"2025-07-27T13:44:01+00:00","description":"Die Arzttasche mit Rei\u00dfverschluss und Instrumentenfach am Boden wird vollst\u00e4ndig in Italien von erfahrenen Lederhandwerkern unter Verwendung von mit pflanzlichem Tannin gegerbtem und anschlie\u00dfend von Hand gepuffertem Rinderleder hergestellt","breadcrumb":{"@id":"https:\/\/pelletterieded.com\/de\/shop\/arzttaschen\/borsa-medico-vano-portastrumenti\/#breadcrumb"},"inLanguage":"de","potentialAction":[{"@type":"ReadAction","target":["https:\/\/pelletterieded.com\/de\/shop\/arzttaschen\/borsa-medico-vano-portastrumenti\/"]}]},{"@type":"ImageObject","inLanguage":"de","@id":"https:\/\/pelletterieded.com\/de\/shop\/arzttaschen\/borsa-medico-vano-portastrumenti\/#primaryimage","url":"https:\/\/pelletterieded.com\/wp-content\/uploads\/2018\/07\/MG_0219-scaled-jpg.avif","contentUrl":"https:\/\/pelletterieded.com\/wp-content\/uploads\/2018\/07\/MG_0219-scaled-jpg.avif","width":2560,"height":2120},{"@type":"BreadcrumbList","@id":"https:\/\/pelletterieded.com\/de\/shop\/arzttaschen\/borsa-medico-vano-portastrumenti\/#breadcrumb","itemListElement":[{"@type":"ListItem","position":1,"name":"Pelletterie D&amp;D","item":"https:\/\/pelletterieded.com\/de\/"},{"@type":"ListItem","position":2,"name":"Einkaufen","item":"https:\/\/pelletterieded.com\/de\/shop\/"},{"@type":"ListItem","position":3,"name":"Arzttaschen","item":"https:\/\/pelletterieded.com\/de\/categoria-prodotto\/arzttaschen\/"},{"@type":"ListItem","position":4,"name":"Arzttasche mit Instrumentenfach"}]},{"@type":"WebSite","@id":"https:\/\/pelletterieded.com\/de\/#website","url":"https:\/\/pelletterieded.com\/de\/","name":"Pelletterie D&D","description":"Outlet online di moda N\u00ba1 in Italia","publisher":{"@id":"https:\/\/pelletterieded.com\/de\/#organization"},"potentialAction":[{"@type":"SearchAction","target":{"@type":"EntryPoint","urlTemplate":"https:\/\/pelletterieded.com\/de\/?s={search_term_string}"},"query-input":{"@type":"PropertyValueSpecification","valueRequired":true,"valueName":"search_term_string"}}],"inLanguage":"de"},{"@type":"Organization","@id":"https:\/\/pelletterieded.com\/de\/#organization","name":"Pelletterie D&D","url":"https:\/\/pelletterieded.com\/de\/","logo":{"@type":"ImageObject","inLanguage":"de","@id":"https:\/\/pelletterieded.com\/de\/#\/schema\/logo\/image\/","url":"https:\/\/pelletterieded.com\/wp-content\/uploads\/2019\/07\/logo-pelletterie-ded-mail.webp","contentUrl":"https:\/\/pelletterieded.com\/wp-content\/uploads\/2019\/07\/logo-pelletterie-ded-mail.webp","width":185,"height":200,"caption":"Pelletterie D&D"},"image":{"@id":"https:\/\/pelletterieded.com\/de\/#\/schema\/logo\/image\/"},"sameAs":["https:\/\/www.facebook.com\/dedpelletterie","https:\/\/www.instagram.com\/pelletterieded\/"]}]}},"_links":{"self":[{"href":"https:\/\/pelletterieded.com\/de\/wp-json\/wp\/v2\/product\/67545","targetHints":{"allow":["GET"]}}],"collection":[{"href":"https:\/\/pelletterieded.com\/de\/wp-json\/wp\/v2\/product"}],"about":[{"href":"https:\/\/pelletterieded.com\/de\/wp-json\/wp\/v2\/types\/product"}],"replies":[{"embeddable":true,"href":"https:\/\/pelletterieded.com\/de\/wp-json\/wp\/v2\/comments?post=67545"}],"wp:featuredmedia":[{"embeddable":true,"href":"https:\/\/pelletterieded.com\/de\/wp-json\/wp\/v2\/media\/118976"}],"wp:attachment":[{"href":"https:\/\/pelletterieded.com\/de\/wp-json\/wp\/v2\/media?parent=67545"}],"wp:term":[{"taxonomy":"product_brand","embeddable":true,"href":"https:\/\/pelletterieded.com\/de\/wp-json\/wp\/v2\/product_brand?post=67545"},{"taxonomy":"product_cat","embeddable":true,"href":"https:\/\/pelletterieded.com\/de\/wp-json\/wp\/v2\/product_cat?post=67545"},{"taxonomy":"product_tag","embeddable":true,"href":"https:\/\/pelletterieded.com\/de\/wp-json\/wp\/v2\/product_tag?post=67545"}],"curies":[{"name":"wp","href":"https:\/\/api.w.org\/{rel}","templated":true}]}}